{"id":30065,"date":"2026-04-02T11:00:42","date_gmt":"2026-04-02T11:00:42","guid":{"rendered":"https:\/\/grao.info\/?page_id=30065"},"modified":"2026-04-02T11:22:17","modified_gmt":"2026-04-02T11:22:17","slug":"richardlampert","status":"publish","type":"page","link":"https:\/\/grao.info\/ca\/marques\/richardlampert\/","title":{"rendered":"Richard Lampert"},"content":{"rendered":"<p>[vc_row equal_height=&#8221;yes&#8221; content_placement=&#8221;bottom&#8221;][vc_column width=&#8221;2\/3&#8243;]<div class=\"edgtf-image-gallery  edgtf-ig-grid-type edgtf-large-space edgtf-has-shadow edgtf-image-behavior-lightbox \">\n\t<div class=\"edgtf-ig-inner edgtf-outer-space edgtf-ig-grid edgtf-ig-three-columns\">\n\t\t\t\t\t<div class=\"edgtf-ig-image edgtf-item-space\">\n\t\t\t\t<div class=\"edgtf-ig-image-inner\">\n\t\t\t\t\t\t\t\t\t\t\t<a itemprop=\"image\" class=\"edgtf-ig-lightbox\" href=\"https:\/\/grao.info\/wp-content\/uploads\/2026\/03\/richard-lampert-mesa-eiermann-3-ambiente-7-domesticoshop.jpg\" data-rel=\"prettyPhoto[image_gallery_pretty_photo-126]\" title=\"richard-lampert-mesa-eiermann-3-ambiente-7-domesticoshop\">\n\t\t\t\t\t\t\t\t\t\t\t<img loading=\"lazy\" decoding=\"async\" src=\"https:\/\/grao.info\/wp-content\/uploads\/2026\/03\/richard-lampert-mesa-eiermann-3-ambiente-7-domesticoshop-320x220.jpg\" alt=\"\" width=\"320\" height=\"220\" \/>\t\t\t\t\t\t\t\t\t\t\t<\/a>\n\t\t\t\t\t\t\t\t\t<\/div>\n\t\t\t<\/div>\n\t\t\t\t\t<div class=\"edgtf-ig-image edgtf-item-space\">\n\t\t\t\t<div class=\"edgtf-ig-image-inner\">\n\t\t\t\t\t\t\t\t\t\t\t<a itemprop=\"image\" class=\"edgtf-ig-lightbox\" href=\"https:\/\/grao.info\/wp-content\/uploads\/2026\/03\/Captura-de-pantalla-2026-03-30-a-las-13.04.53.png\" data-rel=\"prettyPhoto[image_gallery_pretty_photo-126]\" title=\"Captura de pantalla 2026-03-30 a las 13.04.53\">\n\t\t\t\t\t\t\t\t\t\t\t<img loading=\"lazy\" decoding=\"async\" src=\"https:\/\/grao.info\/wp-content\/uploads\/2026\/03\/Captura-de-pantalla-2026-03-30-a-las-13.04.53-320x220.png\" alt=\"\" width=\"320\" height=\"220\" \/>\t\t\t\t\t\t\t\t\t\t\t<\/a>\n\t\t\t\t\t\t\t\t\t<\/div>\n\t\t\t<\/div>\n\t\t\t\t\t<div class=\"edgtf-ig-image edgtf-item-space\">\n\t\t\t\t<div class=\"edgtf-ig-image-inner\">\n\t\t\t\t\t\t\t\t\t\t\t<a itemprop=\"image\" class=\"edgtf-ig-lightbox\" href=\"https:\/\/grao.info\/wp-content\/uploads\/2026\/03\/B_RL_Eiermann-Kinderschreibtisch_Turtle_Fixx_Pit-Stop_Famille-Gara_stylepark.jpg\" data-rel=\"prettyPhoto[image_gallery_pretty_photo-126]\" title=\"B_RL_Eiermann-Kinderschreibtisch_Turtle_Fixx_Pit-Stop_Famille-Gara_stylepark\">\n\t\t\t\t\t\t\t\t\t\t\t<img loading=\"lazy\" decoding=\"async\" src=\"https:\/\/grao.info\/wp-content\/uploads\/2026\/03\/B_RL_Eiermann-Kinderschreibtisch_Turtle_Fixx_Pit-Stop_Famille-Gara_stylepark-320x220.jpg\" alt=\"\" width=\"320\" height=\"220\" \/>\t\t\t\t\t\t\t\t\t\t\t<\/a>\n\t\t\t\t\t\t\t\t\t<\/div>\n\t\t\t<\/div>\n\t\t\t\t\t<div class=\"edgtf-ig-image edgtf-item-space\">\n\t\t\t\t<div class=\"edgtf-ig-image-inner\">\n\t\t\t\t\t\t\t\t\t\t\t<a itemprop=\"image\" class=\"edgtf-ig-lightbox\" href=\"https:\/\/grao.info\/wp-content\/uploads\/2026\/03\/richard-lampert-mesa-eiermann-3-ambiente-5-domesticoshop.jpg\" data-rel=\"prettyPhoto[image_gallery_pretty_photo-126]\" title=\"richard-lampert-mesa-eiermann-3-ambiente-5-domesticoshop\">\n\t\t\t\t\t\t\t\t\t\t\t<img loading=\"lazy\" decoding=\"async\" src=\"https:\/\/grao.info\/wp-content\/uploads\/2026\/03\/richard-lampert-mesa-eiermann-3-ambiente-5-domesticoshop-320x220.jpg\" alt=\"\" width=\"320\" height=\"220\" \/>\t\t\t\t\t\t\t\t\t\t\t<\/a>\n\t\t\t\t\t\t\t\t\t<\/div>\n\t\t\t<\/div>\n\t\t\t\t\t<div class=\"edgtf-ig-image edgtf-item-space\">\n\t\t\t\t<div class=\"edgtf-ig-image-inner\">\n\t\t\t\t\t\t\t\t\t\t\t<a itemprop=\"image\" class=\"edgtf-ig-lightbox\" href=\"https:\/\/grao.info\/wp-content\/uploads\/2026\/03\/B_RL_Loenneberga_Mr-Square_Eiermann1_In-Out_Stak_Alu-Alu_stylepark.jpg\" data-rel=\"prettyPhoto[image_gallery_pretty_photo-126]\" title=\"B_RL_Loenneberga_Mr-Square_Eiermann1_In-Out_Stak_Alu-Alu_stylepark\">\n\t\t\t\t\t\t\t\t\t\t\t<img loading=\"lazy\" decoding=\"async\" src=\"https:\/\/grao.info\/wp-content\/uploads\/2026\/03\/B_RL_Loenneberga_Mr-Square_Eiermann1_In-Out_Stak_Alu-Alu_stylepark-320x220.jpg\" alt=\"\" width=\"320\" height=\"220\" \/>\t\t\t\t\t\t\t\t\t\t\t<\/a>\n\t\t\t\t\t\t\t\t\t<\/div>\n\t\t\t<\/div>\n\t\t\t\t\t<div class=\"edgtf-ig-image edgtf-item-space\">\n\t\t\t\t<div class=\"edgtf-ig-image-inner\">\n\t\t\t\t\t\t\t\t\t\t\t<a itemprop=\"image\" class=\"edgtf-ig-lightbox\" href=\"https:\/\/grao.info\/wp-content\/uploads\/2026\/03\/536273202_1364711325654984_2743508139621749730_n.jpg\" data-rel=\"prettyPhoto[image_gallery_pretty_photo-126]\" title=\"536273202_1364711325654984_2743508139621749730_n\">\n\t\t\t\t\t\t\t\t\t\t\t<img loading=\"lazy\" decoding=\"async\" src=\"https:\/\/grao.info\/wp-content\/uploads\/2026\/03\/536273202_1364711325654984_2743508139621749730_n-320x220.jpg\" alt=\"\" width=\"320\" height=\"220\" \/>\t\t\t\t\t\t\t\t\t\t\t<\/a>\n\t\t\t\t\t\t\t\t\t<\/div>\n\t\t\t<\/div>\n\t\t\t<\/div>\n<\/div>[\/vc_column][vc_column width=&#8221;1\/3&#8243;][vc_row_inner content_placement=&#8221;bottom&#8221;][vc_column_inner][vc_column_text]<\/p>\n<p data-start=\"0\" data-end=\"236\">El 1993, <strong>Richard Lampert<\/strong> va fundar la seva empresa a Stuttgart (Alemanya) amb l\u2019objectiu de crear mobles innovadors i vers\u00e0tils per a l\u2019\u00fas quotidi\u00e0. Els seus productes es defineixen per la qualitat, el bon disseny i la sostenibilitat.<\/p>\n<p data-start=\"238\" data-end=\"472\">La col\u00b7lecci\u00f3 combina peces cl\u00e0ssiques de dissenyadors com Egon Eiermann i Herbert Hirche amb dissenys moderns i premiats, aix\u00ed com propostes m\u00e9s experimentals de creadors internacionals, seguint el principi de \u201cel m\u00ednim necessari\u201d.<\/p>\n<p data-start=\"474\" data-end=\"610\" data-is-last-node=\"\" data-is-only-node=\"\">Abra\u00e7a diversos \u00e0mbits, incloent mobiliari d\u2019interior i exterior, per a adults i infants, aix\u00ed com equipament per a la llar i l\u2019oficina.<\/p>\n<p>[\/vc_column_text][\/vc_column_inner][\/vc_row_inner][vc_row_inner content_placement=&#8221;bottom&#8221;][vc_column_inner][vc_column_text]<a href=\"https:\/\/www.richard-lampert.de\/en\/\">www.richard-lampert.de<\/a>[\/vc_column_text][\/vc_column_inner][\/vc_row_inner][\/vc_column][\/vc_row][vc_row][vc_column css=&#8221;.vc_custom_1615488032930{padding-top: 60px !important;}&#8221;][vc_row_inner][vc_column_inner]<div class=\"edgtf-separator-holder clearfix  edgtf-separator-center edgtf-separator-vertical\">\n\t<div class=\"edgtf-separator\" style=\"border-color: #333333;border-style: solid;height: 30px;border-left-width: 2px\"><\/div>\n<\/div>\n[vc_custom_heading text=&#8221;PRODUCTES SELECCIONATS&#8221; font_container=&#8221;tag:h3|font_size:32px|text_align:center|color:%233d3935|line_height:1.6&#8243; google_fonts=&#8221;font_family:Roboto%3A100%2C100italic%2C300%2C300italic%2Cregular%2Citalic%2C500%2C500italic%2C700%2C700italic%2C900%2C900italic|font_style:700%20bold%20regular%3A700%3Anormal&#8221;]<div class=\"edgtf-separator-holder clearfix  edgtf-separator-center edgtf-separator-vertical\">\n\t<div class=\"edgtf-separator\" style=\"border-color: #333333;border-style: solid;height: 30px;border-left-width: 2px\"><\/div>\n<\/div>\n[\/vc_column_inner][\/vc_row_inner][\/vc_column][\/vc_row][vc_row][vc_column css=&#8221;.vc_custom_1615565554899{padding-top: 60px !important;}&#8221;][vc_row_inner][vc_column_inner width=&#8221;1\/5&#8243;]<div class=\"edgtf-single-image-holder  edgtf-has-shadow edgtf-image-behavior-custom-link\">\n    <div class=\"edgtf-si-inner\" >\n        \t            <a itemprop=\"url\" href=\"\/cat\/producte\/santa-lucia-richardlampert\/\" target=\"_self\">\n                                    <img loading=\"lazy\" decoding=\"async\" width=\"500\" height=\"500\" src=\"https:\/\/grao.info\/wp-content\/uploads\/2026\/03\/santaLucia-herbertHirche-richardLampert-grao00.png\" class=\"attachment-full size-full\" alt=\"\" srcset=\"https:\/\/grao.info\/wp-content\/uploads\/2026\/03\/santaLucia-herbertHirche-richardLampert-grao00.png 500w, https:\/\/grao.info\/wp-content\/uploads\/2026\/03\/santaLucia-herbertHirche-richardLampert-grao00-300x300.png 300w, https:\/\/grao.info\/wp-content\/uploads\/2026\/03\/santaLucia-herbertHirche-richardLampert-grao00-150x150.png 150w, https:\/\/grao.info\/wp-content\/uploads\/2026\/03\/santaLucia-herbertHirche-richardLampert-grao00-100x100.png 100w\" sizes=\"(max-width: 500px) 100vw, 500px\" \/>                                <\/a>\n            <\/div>\n<\/div>[vc_column_text]<\/p>\n<p style=\"text-align: center;\">SANTA LUCIA<\/p>\n<p>[\/vc_column_text][\/vc_column_inner][vc_column_inner width=&#8221;1\/5&#8243;]<div class=\"edgtf-single-image-holder  edgtf-has-shadow edgtf-image-behavior-custom-link\">\n    <div class=\"edgtf-si-inner\" >\n        \t            <a itemprop=\"url\" href=\"\/cat\/producte\/eiermann1-richardlampert\/\" target=\"_self\">\n                                    <img loading=\"lazy\" decoding=\"async\" width=\"500\" height=\"500\" src=\"https:\/\/grao.info\/wp-content\/uploads\/2026\/03\/eiermann1_produkt_784x764_2018_13-e1691134702451.png\" class=\"attachment-full size-full\" alt=\"\" srcset=\"https:\/\/grao.info\/wp-content\/uploads\/2026\/03\/eiermann1_produkt_784x764_2018_13-e1691134702451.png 500w, https:\/\/grao.info\/wp-content\/uploads\/2026\/03\/eiermann1_produkt_784x764_2018_13-e1691134702451-300x300.png 300w, https:\/\/grao.info\/wp-content\/uploads\/2026\/03\/eiermann1_produkt_784x764_2018_13-e1691134702451-150x150.png 150w, https:\/\/grao.info\/wp-content\/uploads\/2026\/03\/eiermann1_produkt_784x764_2018_13-e1691134702451-100x100.png 100w\" sizes=\"(max-width: 500px) 100vw, 500px\" \/>                                <\/a>\n            <\/div>\n<\/div>[vc_column_text]<\/p>\n<p style=\"text-align: center;\">EIERMANN 1<\/p>\n<p>[\/vc_column_text][\/vc_column_inner][vc_column_inner width=&#8221;1\/5&#8243;]<div class=\"edgtf-single-image-holder  edgtf-has-shadow edgtf-image-behavior-custom-link\">\n    <div class=\"edgtf-si-inner\" >\n        \t            <a itemprop=\"url\" href=\"\/cat\/producte\/lounge-chair-richardlampert\/\" target=\"_self\">\n                                    <img loading=\"lazy\" decoding=\"async\" width=\"500\" height=\"500\" src=\"https:\/\/grao.info\/wp-content\/uploads\/2026\/03\/loungechair-herbertHirche-richardLampert-grao00.png\" class=\"attachment-full size-full\" alt=\"\" srcset=\"https:\/\/grao.info\/wp-content\/uploads\/2026\/03\/loungechair-herbertHirche-richardLampert-grao00.png 500w, https:\/\/grao.info\/wp-content\/uploads\/2026\/03\/loungechair-herbertHirche-richardLampert-grao00-300x300.png 300w, https:\/\/grao.info\/wp-content\/uploads\/2026\/03\/loungechair-herbertHirche-richardLampert-grao00-150x150.png 150w, https:\/\/grao.info\/wp-content\/uploads\/2026\/03\/loungechair-herbertHirche-richardLampert-grao00-100x100.png 100w\" sizes=\"(max-width: 500px) 100vw, 500px\" \/>                                <\/a>\n            <\/div>\n<\/div>[vc_column_text]<\/p>\n<p style=\"text-align: center;\">LOUNGE CHAIR<\/p>\n<p>[\/vc_column_text][\/vc_column_inner][vc_column_inner width=&#8221;1\/5&#8243;]<div class=\"edgtf-single-image-holder  edgtf-has-shadow edgtf-image-behavior-custom-link\">\n    <div class=\"edgtf-si-inner\" >\n        \t            <a itemprop=\"url\" href=\"\/cat\/producte\/loenneberga-richardlampert\/\" target=\"_self\">\n                                    <img loading=\"lazy\" decoding=\"async\" width=\"500\" height=\"500\" src=\"https:\/\/grao.info\/wp-content\/uploads\/2026\/03\/loenneberga-alexanderSeifried-richardLampert-grao00.png\" class=\"attachment-full size-full\" alt=\"\" srcset=\"https:\/\/grao.info\/wp-content\/uploads\/2026\/03\/loenneberga-alexanderSeifried-richardLampert-grao00.png 500w, https:\/\/grao.info\/wp-content\/uploads\/2026\/03\/loenneberga-alexanderSeifried-richardLampert-grao00-300x300.png 300w, https:\/\/grao.info\/wp-content\/uploads\/2026\/03\/loenneberga-alexanderSeifried-richardLampert-grao00-150x150.png 150w, https:\/\/grao.info\/wp-content\/uploads\/2026\/03\/loenneberga-alexanderSeifried-richardLampert-grao00-100x100.png 100w\" sizes=\"(max-width: 500px) 100vw, 500px\" \/>                                <\/a>\n            <\/div>\n<\/div>[vc_column_text]<\/p>\n<p style=\"text-align: center;\">L\u00d6NNENBERGA<\/p>\n<p>[\/vc_column_text][\/vc_column_inner][vc_column_inner width=&#8221;1\/5&#8243;]<div class=\"edgtf-single-image-holder  edgtf-has-shadow edgtf-image-behavior-custom-link\">\n    <div class=\"edgtf-si-inner\" >\n        \t            <a itemprop=\"url\" href=\"\/cat\/producte\/dhs-richardlampert\/\" target=\"_self\">\n                                    <img loading=\"lazy\" decoding=\"async\" width=\"500\" height=\"500\" src=\"https:\/\/grao.info\/wp-content\/uploads\/2026\/03\/dhs-herbertHirche-richardLampert-grao00.png\" class=\"attachment-full size-full\" alt=\"\" srcset=\"https:\/\/grao.info\/wp-content\/uploads\/2026\/03\/dhs-herbertHirche-richardLampert-grao00.png 500w, https:\/\/grao.info\/wp-content\/uploads\/2026\/03\/dhs-herbertHirche-richardLampert-grao00-300x300.png 300w, https:\/\/grao.info\/wp-content\/uploads\/2026\/03\/dhs-herbertHirche-richardLampert-grao00-150x150.png 150w, https:\/\/grao.info\/wp-content\/uploads\/2026\/03\/dhs-herbertHirche-richardLampert-grao00-100x100.png 100w\" sizes=\"(max-width: 500px) 100vw, 500px\" \/>                                <\/a>\n            <\/div>\n<\/div>[vc_column_text]<\/p>\n<p style=\"text-align: center;\">DHS<\/p>\n<p>[\/vc_column_text][\/vc_column_inner][\/vc_row_inner][\/vc_column][\/vc_row][vc_row][vc_column css=&#8221;.vc_custom_1615565597146{padding-top: 30px !important;}&#8221;][vc_row_inner][vc_column_inner width=&#8221;1\/5&#8243;]<div class=\"edgtf-single-image-holder  edgtf-has-shadow edgtf-image-behavior-custom-link\">\n    <div class=\"edgtf-si-inner\" >\n        \t            <a itemprop=\"url\" href=\"\/cat\/producte\/seesaw-richardlampert\/\" target=\"_self\">\n                                    <img loading=\"lazy\" decoding=\"async\" width=\"1000\" height=\"1000\" src=\"https:\/\/grao.info\/wp-content\/uploads\/2026\/03\/seesaw-peterHorn-richardLampert-grao00.png\" class=\"attachment-full size-full\" alt=\"\" srcset=\"https:\/\/grao.info\/wp-content\/uploads\/2026\/03\/seesaw-peterHorn-richardLampert-grao00.png 1000w, https:\/\/grao.info\/wp-content\/uploads\/2026\/03\/seesaw-peterHorn-richardLampert-grao00-300x300.png 300w, https:\/\/grao.info\/wp-content\/uploads\/2026\/03\/seesaw-peterHorn-richardLampert-grao00-150x150.png 150w, https:\/\/grao.info\/wp-content\/uploads\/2026\/03\/seesaw-peterHorn-richardLampert-grao00-768x768.png 768w, https:\/\/grao.info\/wp-content\/uploads\/2026\/03\/seesaw-peterHorn-richardLampert-grao00-550x550.png 550w, https:\/\/grao.info\/wp-content\/uploads\/2026\/03\/seesaw-peterHorn-richardLampert-grao00-600x600.png 600w, https:\/\/grao.info\/wp-content\/uploads\/2026\/03\/seesaw-peterHorn-richardLampert-grao00-100x100.png 100w\" sizes=\"(max-width: 1000px) 100vw, 1000px\" \/>                                <\/a>\n            <\/div>\n<\/div>[vc_column_text]<\/p>\n<p style=\"text-align: center;\">SEESAW<\/p>\n<p>[\/vc_column_text][\/vc_column_inner][vc_column_inner width=&#8221;1\/5&#8243;]<div class=\"edgtf-single-image-holder  edgtf-has-shadow edgtf-image-behavior-custom-link\">\n    <div class=\"edgtf-si-inner\" >\n        \t            <a itemprop=\"url\" href=\"\/cat\/producte\/eiermannshelf-richardlampert\/\" target=\"_self\">\n                                    <img loading=\"lazy\" decoding=\"async\" width=\"500\" height=\"500\" src=\"https:\/\/grao.info\/wp-content\/uploads\/2026\/03\/eiermannshelf-egonEiermann-richardLampert-grao00.png\" class=\"attachment-full size-full\" alt=\"\" srcset=\"https:\/\/grao.info\/wp-content\/uploads\/2026\/03\/eiermannshelf-egonEiermann-richardLampert-grao00.png 500w, https:\/\/grao.info\/wp-content\/uploads\/2026\/03\/eiermannshelf-egonEiermann-richardLampert-grao00-300x300.png 300w, https:\/\/grao.info\/wp-content\/uploads\/2026\/03\/eiermannshelf-egonEiermann-richardLampert-grao00-150x150.png 150w, https:\/\/grao.info\/wp-content\/uploads\/2026\/03\/eiermannshelf-egonEiermann-richardLampert-grao00-100x100.png 100w\" sizes=\"(max-width: 500px) 100vw, 500px\" \/>                                <\/a>\n            <\/div>\n<\/div>[vc_column_text]<\/p>\n<p style=\"text-align: center;\">EIERMANN SHELF<\/p>\n<p>[\/vc_column_text][\/vc_column_inner][vc_column_inner width=&#8221;1\/5&#8243;]<div class=\"edgtf-single-image-holder  edgtf-has-shadow edgtf-image-behavior-custom-link\">\n    <div class=\"edgtf-si-inner\" >\n        \t            <a itemprop=\"url\" href=\"\/es\/producto\/mr-square-richardlampert\/\" target=\"_self\">\n                                    <img loading=\"lazy\" decoding=\"async\" width=\"1000\" height=\"1000\" src=\"https:\/\/grao.info\/wp-content\/uploads\/2026\/03\/mrsquare-peterHorn-richardLampert-grao00.png\" class=\"attachment-full size-full\" alt=\"\" srcset=\"https:\/\/grao.info\/wp-content\/uploads\/2026\/03\/mrsquare-peterHorn-richardLampert-grao00.png 1000w, https:\/\/grao.info\/wp-content\/uploads\/2026\/03\/mrsquare-peterHorn-richardLampert-grao00-300x300.png 300w, https:\/\/grao.info\/wp-content\/uploads\/2026\/03\/mrsquare-peterHorn-richardLampert-grao00-150x150.png 150w, https:\/\/grao.info\/wp-content\/uploads\/2026\/03\/mrsquare-peterHorn-richardLampert-grao00-768x768.png 768w, https:\/\/grao.info\/wp-content\/uploads\/2026\/03\/mrsquare-peterHorn-richardLampert-grao00-550x550.png 550w, https:\/\/grao.info\/wp-content\/uploads\/2026\/03\/mrsquare-peterHorn-richardLampert-grao00-600x600.png 600w, https:\/\/grao.info\/wp-content\/uploads\/2026\/03\/mrsquare-peterHorn-richardLampert-grao00-100x100.png 100w\" sizes=\"(max-width: 1000px) 100vw, 1000px\" \/>                                <\/a>\n            <\/div>\n<\/div>[vc_column_text]<\/p>\n<p style=\"text-align: center;\">MR SQUARE<\/p>\n<p>[\/vc_column_text][\/vc_column_inner][vc_column_inner width=&#8221;1\/5&#8243;]<div class=\"edgtf-single-image-holder  edgtf-has-shadow edgtf-image-behavior-custom-link\">\n    <div class=\"edgtf-si-inner\" >\n        \t            <a itemprop=\"url\" href=\"\/cat\/producte\/tt54-richardlampert\" target=\"_self\">\n                                    <img loading=\"lazy\" decoding=\"async\" width=\"1000\" height=\"1000\" src=\"https:\/\/grao.info\/wp-content\/uploads\/2026\/03\/tt54-paulSchneider-Esleben-richardLampert-grao00.png\" class=\"attachment-full size-full\" alt=\"\" srcset=\"https:\/\/grao.info\/wp-content\/uploads\/2026\/03\/tt54-paulSchneider-Esleben-richardLampert-grao00.png 1000w, https:\/\/grao.info\/wp-content\/uploads\/2026\/03\/tt54-paulSchneider-Esleben-richardLampert-grao00-300x300.png 300w, https:\/\/grao.info\/wp-content\/uploads\/2026\/03\/tt54-paulSchneider-Esleben-richardLampert-grao00-150x150.png 150w, https:\/\/grao.info\/wp-content\/uploads\/2026\/03\/tt54-paulSchneider-Esleben-richardLampert-grao00-768x768.png 768w, https:\/\/grao.info\/wp-content\/uploads\/2026\/03\/tt54-paulSchneider-Esleben-richardLampert-grao00-550x550.png 550w, https:\/\/grao.info\/wp-content\/uploads\/2026\/03\/tt54-paulSchneider-Esleben-richardLampert-grao00-600x600.png 600w, https:\/\/grao.info\/wp-content\/uploads\/2026\/03\/tt54-paulSchneider-Esleben-richardLampert-grao00-100x100.png 100w\" sizes=\"(max-width: 1000px) 100vw, 1000px\" \/>                                <\/a>\n            <\/div>\n<\/div>[vc_column_text]<\/p>\n<p style=\"text-align: center;\">TT54<\/p>\n<p>[\/vc_column_text][\/vc_column_inner][vc_column_inner width=&#8221;1\/5&#8243;]<div class=\"edgtf-single-image-holder  edgtf-has-shadow edgtf-image-behavior-custom-link\">\n    <div class=\"edgtf-si-inner\" >\n        \t            <a itemprop=\"url\" href=\"\/cat\/producte\/in-out-richardlampert\/\" target=\"_self\">\n                                    <img loading=\"lazy\" decoding=\"async\" width=\"500\" height=\"500\" src=\"https:\/\/grao.info\/wp-content\/uploads\/2026\/03\/in-out_2018_produkt_784x764_7.png\" class=\"attachment-full size-full\" alt=\"\" srcset=\"https:\/\/grao.info\/wp-content\/uploads\/2026\/03\/in-out_2018_produkt_784x764_7.png 500w, https:\/\/grao.info\/wp-content\/uploads\/2026\/03\/in-out_2018_produkt_784x764_7-300x300.png 300w, https:\/\/grao.info\/wp-content\/uploads\/2026\/03\/in-out_2018_produkt_784x764_7-150x150.png 150w, https:\/\/grao.info\/wp-content\/uploads\/2026\/03\/in-out_2018_produkt_784x764_7-100x100.png 100w\" sizes=\"(max-width: 500px) 100vw, 500px\" \/>                                <\/a>\n            <\/div>\n<\/div>[vc_column_text]<\/p>\n<p style=\"text-align: center;\">IN-OUT CHAIR<\/p>\n<p>[\/vc_column_text][\/vc_column_inner][\/vc_row_inner][vc_empty_space height=&#8221;100px&#8221;][\/vc_column][\/vc_row]<\/p>\n","protected":false},"excerpt":{"rendered":"<p>[vc_row equal_height=&#8221;yes&#8221; content_placement=&#8221;bottom&#8221;][vc_column width=&#8221;2\/3&#8243;][\/vc_column][vc_column width=&#8221;1\/3&#8243;][vc_row_inner content_placement=&#8221;bottom&#8221;][vc_column_inner][vc_column_text] El 1993, Richard Lampert va fundar la seva empresa a Stuttgart (Alemanya) amb l\u2019objectiu de crear mobles innovadors i vers\u00e0tils per a l\u2019\u00fas quotidi\u00e0. Els seus productes es defineixen per la qualitat, el bon [&hellip;]<\/p>\n","protected":false},"author":2,"featured_media":0,"parent":6347,"menu_order":0,"comment_status":"closed","ping_status":"closed","template":"","meta":{"footnotes":""},"acf":[],"yoast_head":"<!-- This site is optimized with the Yoast SEO Premium plugin v23.0 (Yoast SEO v23.0) - https:\/\/yoast.com\/wordpress\/plugins\/seo\/ -->\n<title>Richard Lampert - Grao<\/title>\n<meta name=\"robots\" content=\"index, follow, max-snippet:-1, max-image-preview:large, max-video-preview:-1\" \/>\n<link rel=\"canonical\" href=\"https:\/\/grao.info\/ca\/marques\/richardlampert\/\" \/>\n<meta property=\"og:locale\" content=\"ca_ES\" \/>\n<meta property=\"og:type\" content=\"article\" \/>\n<meta property=\"og:title\" content=\"Richard Lampert\" \/>\n<meta property=\"og:description\" content=\"[vc_row equal_height=&#8221;yes&#8221; content_placement=&#8221;bottom&#8221;][vc_column width=&#8221;2\/3&#8243;][\/vc_column][vc_column width=&#8221;1\/3&#8243;][vc_row_inner content_placement=&#8221;bottom&#8221;][vc_column_inner][vc_column_text] El 1993, Richard Lampert va fundar la seva empresa a Stuttgart (Alemanya) amb l\u2019objectiu de crear mobles innovadors i vers\u00e0tils per a l\u2019\u00fas quotidi\u00e0. Els seus productes es defineixen per la qualitat, el bon [&hellip;]\" \/>\n<meta property=\"og:url\" content=\"https:\/\/grao.info\/ca\/marques\/richardlampert\/\" \/>\n<meta property=\"og:site_name\" content=\"Grao\" \/>\n<meta property=\"article:modified_time\" content=\"2026-04-02T11:22:17+00:00\" \/>\n<meta name=\"twitter:card\" content=\"summary_large_image\" \/>\n<meta name=\"twitter:label1\" content=\"Temps estimat de lectura\" \/>\n\t<meta name=\"twitter:data1\" content=\"1 minut\" \/>\n<script type=\"application\/ld+json\" class=\"yoast-schema-graph\">{\"@context\":\"https:\/\/schema.org\",\"@graph\":[{\"@type\":\"WebPage\",\"@id\":\"https:\/\/grao.info\/ca\/marques\/richardlampert\/\",\"url\":\"https:\/\/grao.info\/ca\/marques\/richardlampert\/\",\"name\":\"Richard Lampert - Grao\",\"isPartOf\":{\"@id\":\"https:\/\/grao.info\/ca\/#website\"},\"datePublished\":\"2026-04-02T11:00:42+00:00\",\"dateModified\":\"2026-04-02T11:22:17+00:00\",\"breadcrumb\":{\"@id\":\"https:\/\/grao.info\/ca\/marques\/richardlampert\/#breadcrumb\"},\"inLanguage\":\"ca\",\"potentialAction\":[{\"@type\":\"ReadAction\",\"target\":[\"https:\/\/grao.info\/ca\/marques\/richardlampert\/\"]}]},{\"@type\":\"BreadcrumbList\",\"@id\":\"https:\/\/grao.info\/ca\/marques\/richardlampert\/#breadcrumb\",\"itemListElement\":[{\"@type\":\"ListItem\",\"position\":1,\"name\":\"Portada\",\"item\":\"https:\/\/grao.info\/ca\/\"},{\"@type\":\"ListItem\",\"position\":2,\"name\":\"Marques\",\"item\":\"https:\/\/grao.info\/ca\/marques\/\"},{\"@type\":\"ListItem\",\"position\":3,\"name\":\"Richard Lampert\"}]},{\"@type\":\"WebSite\",\"@id\":\"https:\/\/grao.info\/ca\/#website\",\"url\":\"https:\/\/grao.info\/ca\/\",\"name\":\"Grao\",\"description\":\"\",\"publisher\":{\"@id\":\"https:\/\/grao.info\/ca\/#organization\"},\"potentialAction\":[{\"@type\":\"SearchAction\",\"target\":{\"@type\":\"EntryPoint\",\"urlTemplate\":\"https:\/\/grao.info\/ca\/?s={search_term_string}\"},\"query-input\":\"required name=search_term_string\"}],\"inLanguage\":\"ca\"},{\"@type\":\"Organization\",\"@id\":\"https:\/\/grao.info\/ca\/#organization\",\"name\":\"Grao\",\"url\":\"https:\/\/grao.info\/ca\/\",\"logo\":{\"@type\":\"ImageObject\",\"inLanguage\":\"ca\",\"@id\":\"https:\/\/grao.info\/ca\/#\/schema\/logo\/image\/\",\"url\":\"https:\/\/grao.info\/wp-content\/uploads\/2022\/04\/logo-mobil-1.png\",\"contentUrl\":\"https:\/\/grao.info\/wp-content\/uploads\/2022\/04\/logo-mobil-1.png\",\"width\":275,\"height\":85,\"caption\":\"Grao\"},\"image\":{\"@id\":\"https:\/\/grao.info\/ca\/#\/schema\/logo\/image\/\"}}]}<\/script>\n<!-- \/ Yoast SEO Premium plugin. -->","yoast_head_json":{"title":"Richard Lampert - Grao","robots":{"index":"index","follow":"follow","max-snippet":"max-snippet:-1","max-image-preview":"max-image-preview:large","max-video-preview":"max-video-preview:-1"},"canonical":"https:\/\/grao.info\/ca\/marques\/richardlampert\/","og_locale":"ca_ES","og_type":"article","og_title":"Richard Lampert","og_description":"[vc_row equal_height=&#8221;yes&#8221; content_placement=&#8221;bottom&#8221;][vc_column width=&#8221;2\/3&#8243;][\/vc_column][vc_column width=&#8221;1\/3&#8243;][vc_row_inner content_placement=&#8221;bottom&#8221;][vc_column_inner][vc_column_text] El 1993, Richard Lampert va fundar la seva empresa a Stuttgart (Alemanya) amb l\u2019objectiu de crear mobles innovadors i vers\u00e0tils per a l\u2019\u00fas quotidi\u00e0. Els seus productes es defineixen per la qualitat, el bon [&hellip;]","og_url":"https:\/\/grao.info\/ca\/marques\/richardlampert\/","og_site_name":"Grao","article_modified_time":"2026-04-02T11:22:17+00:00","twitter_card":"summary_large_image","twitter_misc":{"Temps estimat de lectura":"1 minut"},"schema":{"@context":"https:\/\/schema.org","@graph":[{"@type":"WebPage","@id":"https:\/\/grao.info\/ca\/marques\/richardlampert\/","url":"https:\/\/grao.info\/ca\/marques\/richardlampert\/","name":"Richard Lampert - Grao","isPartOf":{"@id":"https:\/\/grao.info\/ca\/#website"},"datePublished":"2026-04-02T11:00:42+00:00","dateModified":"2026-04-02T11:22:17+00:00","breadcrumb":{"@id":"https:\/\/grao.info\/ca\/marques\/richardlampert\/#breadcrumb"},"inLanguage":"ca","potentialAction":[{"@type":"ReadAction","target":["https:\/\/grao.info\/ca\/marques\/richardlampert\/"]}]},{"@type":"BreadcrumbList","@id":"https:\/\/grao.info\/ca\/marques\/richardlampert\/#breadcrumb","itemListElement":[{"@type":"ListItem","position":1,"name":"Portada","item":"https:\/\/grao.info\/ca\/"},{"@type":"ListItem","position":2,"name":"Marques","item":"https:\/\/grao.info\/ca\/marques\/"},{"@type":"ListItem","position":3,"name":"Richard Lampert"}]},{"@type":"WebSite","@id":"https:\/\/grao.info\/ca\/#website","url":"https:\/\/grao.info\/ca\/","name":"Grao","description":"","publisher":{"@id":"https:\/\/grao.info\/ca\/#organization"},"potentialAction":[{"@type":"SearchAction","target":{"@type":"EntryPoint","urlTemplate":"https:\/\/grao.info\/ca\/?s={search_term_string}"},"query-input":"required name=search_term_string"}],"inLanguage":"ca"},{"@type":"Organization","@id":"https:\/\/grao.info\/ca\/#organization","name":"Grao","url":"https:\/\/grao.info\/ca\/","logo":{"@type":"ImageObject","inLanguage":"ca","@id":"https:\/\/grao.info\/ca\/#\/schema\/logo\/image\/","url":"https:\/\/grao.info\/wp-content\/uploads\/2022\/04\/logo-mobil-1.png","contentUrl":"https:\/\/grao.info\/wp-content\/uploads\/2022\/04\/logo-mobil-1.png","width":275,"height":85,"caption":"Grao"},"image":{"@id":"https:\/\/grao.info\/ca\/#\/schema\/logo\/image\/"}}]}},"_links":{"self":[{"href":"https:\/\/grao.info\/ca\/wp-json\/wp\/v2\/pages\/30065"}],"collection":[{"href":"https:\/\/grao.info\/ca\/wp-json\/wp\/v2\/pages"}],"about":[{"href":"https:\/\/grao.info\/ca\/wp-json\/wp\/v2\/types\/page"}],"author":[{"embeddable":true,"href":"https:\/\/grao.info\/ca\/wp-json\/wp\/v2\/users\/2"}],"replies":[{"embeddable":true,"href":"https:\/\/grao.info\/ca\/wp-json\/wp\/v2\/comments?post=30065"}],"version-history":[{"count":11,"href":"https:\/\/grao.info\/ca\/wp-json\/wp\/v2\/pages\/30065\/revisions"}],"predecessor-version":[{"id":30230,"href":"https:\/\/grao.info\/ca\/wp-json\/wp\/v2\/pages\/30065\/revisions\/30230"}],"up":[{"embeddable":true,"href":"https:\/\/grao.info\/ca\/wp-json\/wp\/v2\/pages\/6347"}],"wp:attachment":[{"href":"https:\/\/grao.info\/ca\/wp-json\/wp\/v2\/media?parent=30065"}],"curies":[{"name":"wp","href":"https:\/\/api.w.org\/{rel}","templated":true}]}}