{"id":12705,"date":"2021-09-17T10:51:01","date_gmt":"2021-09-17T10:51:01","guid":{"rendered":"https:\/\/grao.info\/?page_id=12705"},"modified":"2025-09-08T09:44:06","modified_gmt":"2025-09-08T09:44:06","slug":"mobles-114","status":"publish","type":"page","link":"https:\/\/grao.info\/es\/marcas\/mobles-114\/","title":{"rendered":"Mobles 114"},"content":{"rendered":"<p>[vc_row equal_height=\u00bbyes\u00bb content_placement=\u00bbbottom\u00bb][vc_column width=\u00bb2\/3&#8243;]<div class=\"edgtf-image-gallery  edgtf-ig-grid-type edgtf-large-space edgtf-has-shadow edgtf-image-behavior-lightbox \">\n\t<div class=\"edgtf-ig-inner edgtf-outer-space edgtf-ig-grid edgtf-ig-three-columns\">\n\t\t\t\t\t<div class=\"edgtf-ig-image edgtf-item-space\">\n\t\t\t\t<div class=\"edgtf-ig-image-inner\">\n\t\t\t\t\t\t\t\t\t\t\t<a itemprop=\"image\" class=\"edgtf-ig-lightbox\" href=\"https:\/\/grao.info\/wp-content\/uploads\/2021\/09\/Tria-36-Shelving-System.2.png\" data-rel=\"prettyPhoto[image_gallery_pretty_photo-112]\" title=\"Tria 36 Shelving System.2\">\n\t\t\t\t\t\t\t\t\t\t\t<img loading=\"lazy\" decoding=\"async\" src=\"https:\/\/grao.info\/wp-content\/uploads\/2021\/09\/Tria-36-Shelving-System.2-320x220.png\" alt=\"\" width=\"320\" height=\"220\" \/>\t\t\t\t\t\t\t\t\t\t\t<\/a>\n\t\t\t\t\t\t\t\t\t<\/div>\n\t\t\t<\/div>\n\t\t\t\t\t<div class=\"edgtf-ig-image edgtf-item-space\">\n\t\t\t\t<div class=\"edgtf-ig-image-inner\">\n\t\t\t\t\t\t\t\t\t\t\t<a itemprop=\"image\" class=\"edgtf-ig-lightbox\" href=\"https:\/\/grao.info\/wp-content\/uploads\/2025\/09\/mobles114-ambiente-grao-01.jpg\" data-rel=\"prettyPhoto[image_gallery_pretty_photo-112]\" title=\"mobles114-ambiente-grao-01\">\n\t\t\t\t\t\t\t\t\t\t\t<img loading=\"lazy\" decoding=\"async\" src=\"https:\/\/grao.info\/wp-content\/uploads\/2025\/09\/mobles114-ambiente-grao-01-320x220.jpg\" alt=\"\" width=\"320\" height=\"220\" \/>\t\t\t\t\t\t\t\t\t\t\t<\/a>\n\t\t\t\t\t\t\t\t\t<\/div>\n\t\t\t<\/div>\n\t\t\t\t\t<div class=\"edgtf-ig-image edgtf-item-space\">\n\t\t\t\t<div class=\"edgtf-ig-image-inner\">\n\t\t\t\t\t\t\t\t\t\t\t<a itemprop=\"image\" class=\"edgtf-ig-lightbox\" href=\"https:\/\/grao.info\/wp-content\/uploads\/2025\/09\/mobles114-ambiente-grao-02.jpg\" data-rel=\"prettyPhoto[image_gallery_pretty_photo-112]\" title=\"mobles114-ambiente-grao-02\">\n\t\t\t\t\t\t\t\t\t\t\t<img loading=\"lazy\" decoding=\"async\" src=\"https:\/\/grao.info\/wp-content\/uploads\/2025\/09\/mobles114-ambiente-grao-02-320x220.jpg\" alt=\"\" width=\"320\" height=\"220\" \/>\t\t\t\t\t\t\t\t\t\t\t<\/a>\n\t\t\t\t\t\t\t\t\t<\/div>\n\t\t\t<\/div>\n\t\t\t\t\t<div class=\"edgtf-ig-image edgtf-item-space\">\n\t\t\t\t<div class=\"edgtf-ig-image-inner\">\n\t\t\t\t\t\t\t\t\t\t\t<a itemprop=\"image\" class=\"edgtf-ig-lightbox\" href=\"https:\/\/grao.info\/wp-content\/uploads\/2025\/09\/mobles114-ambiente-grao-03.jpg\" data-rel=\"prettyPhoto[image_gallery_pretty_photo-112]\" title=\"mobles114-ambiente-grao-03\">\n\t\t\t\t\t\t\t\t\t\t\t<img loading=\"lazy\" decoding=\"async\" src=\"https:\/\/grao.info\/wp-content\/uploads\/2025\/09\/mobles114-ambiente-grao-03-320x220.jpg\" alt=\"\" width=\"320\" height=\"220\" \/>\t\t\t\t\t\t\t\t\t\t\t<\/a>\n\t\t\t\t\t\t\t\t\t<\/div>\n\t\t\t<\/div>\n\t\t\t\t\t<div class=\"edgtf-ig-image edgtf-item-space\">\n\t\t\t\t<div class=\"edgtf-ig-image-inner\">\n\t\t\t\t\t\t\t\t\t\t\t<a itemprop=\"image\" class=\"edgtf-ig-lightbox\" href=\"https:\/\/grao.info\/wp-content\/uploads\/2021\/09\/Pey-Office.png\" data-rel=\"prettyPhoto[image_gallery_pretty_photo-112]\" title=\"Pey Office\">\n\t\t\t\t\t\t\t\t\t\t\t<img loading=\"lazy\" decoding=\"async\" src=\"https:\/\/grao.info\/wp-content\/uploads\/2021\/09\/Pey-Office-320x220.png\" alt=\"\" width=\"320\" height=\"220\" \/>\t\t\t\t\t\t\t\t\t\t\t<\/a>\n\t\t\t\t\t\t\t\t\t<\/div>\n\t\t\t<\/div>\n\t\t\t\t\t<div class=\"edgtf-ig-image edgtf-item-space\">\n\t\t\t\t<div class=\"edgtf-ig-image-inner\">\n\t\t\t\t\t\t\t\t\t\t\t<a itemprop=\"image\" class=\"edgtf-ig-lightbox\" href=\"https:\/\/grao.info\/wp-content\/uploads\/2025\/09\/Torres-Clave-Armchair.2.png\" data-rel=\"prettyPhoto[image_gallery_pretty_photo-112]\" title=\"Torres Clave Armchair.2\">\n\t\t\t\t\t\t\t\t\t\t\t<img loading=\"lazy\" decoding=\"async\" src=\"https:\/\/grao.info\/wp-content\/uploads\/2025\/09\/Torres-Clave-Armchair.2-320x220.png\" alt=\"\" width=\"320\" height=\"220\" \/>\t\t\t\t\t\t\t\t\t\t\t<\/a>\n\t\t\t\t\t\t\t\t\t<\/div>\n\t\t\t<\/div>\n\t\t\t<\/div>\n<\/div>[\/vc_column][vc_column width=\u00bb1\/3&#8243;][vc_column_text]<strong>Mobles 114<\/strong> es una empresa con sede en Barcelona fundada en 1973 que edita mobiliario contempor\u00e1neo. Nuestro prop\u00f3sito es crear productos que mejoren la calidad de los espacios colectivos y del hogar con un dise\u00f1o de autor y atemporal.<\/p>\n<p>Promovemos la innovaci\u00f3n, la tecnolog\u00eda y la elecci\u00f3n de productos perdurables para participar en un modelo de consumo sostenible. Buscamos la coherencia ambiental en las fases del dise\u00f1o, fabricaci\u00f3n, distribuci\u00f3n y marketing. Pensamos en una visi\u00f3n integral, m\u00e1s all\u00e1 del producto. Nuestros muebles son fabricados en Barcelona y distribuidos alrededor del mundo teniendo en cuenta estos valores.[\/vc_column_text][vc_row_inner][vc_column_inner][vc_column_text]<a href=\"https:\/\/www.mobles114.com\/\">www.mobles114.com<\/a>[\/vc_column_text][\/vc_column_inner][\/vc_row_inner][\/vc_column][\/vc_row][vc_row][vc_column css=\u00bb.vc_custom_1615488032930{padding-top: 60px !important;}\u00bb][vc_row_inner][vc_column_inner]<div class=\"edgtf-separator-holder clearfix  edgtf-separator-center edgtf-separator-vertical\">\n\t<div class=\"edgtf-separator\" style=\"border-color: #333333;border-style: solid;height: 30px;border-left-width: 2px\"><\/div>\n<\/div>\n[vc_custom_heading text=\u00bbPRODUCTOS SELECCIONADOS\u00bb font_container=\u00bbtag:h3|font_size:32px|text_align:center|color:%233d3935|line_height:1.6&#8243; google_fonts=\u00bbfont_family:Roboto%3A100%2C100italic%2C300%2C300italic%2Cregular%2Citalic%2C500%2C500italic%2C700%2C700italic%2C900%2C900italic|font_style:700%20bold%20regular%3A700%3Anormal\u00bb]<div class=\"edgtf-separator-holder clearfix  edgtf-separator-center edgtf-separator-vertical\">\n\t<div class=\"edgtf-separator\" style=\"border-color: #333333;border-style: solid;height: 30px;border-left-width: 2px\"><\/div>\n<\/div>\n[\/vc_column_inner][\/vc_row_inner][\/vc_column][\/vc_row][vc_row][vc_column css=\u00bb.vc_custom_1615565554899{padding-top: 60px !important;}\u00bb][vc_row_inner][vc_column_inner width=\u00bb1\/5&#8243;]<div class=\"edgtf-single-image-holder  edgtf-has-shadow edgtf-image-behavior-custom-link\">\n    <div class=\"edgtf-si-inner\" >\n        \t            <a itemprop=\"url\" href=\"\/es\/producto\/catalana-1942\/\" target=\"_self\">\n                                    <img loading=\"lazy\" decoding=\"async\" width=\"500\" height=\"500\" src=\"https:\/\/grao.info\/wp-content\/uploads\/2025\/09\/mobles114-classics-armchair-german-rodriguez-Catalana-1942-grao-02-1.jpg\" class=\"attachment-full size-full\" alt=\"\" srcset=\"https:\/\/grao.info\/wp-content\/uploads\/2025\/09\/mobles114-classics-armchair-german-rodriguez-Catalana-1942-grao-02-1.jpg 500w, https:\/\/grao.info\/wp-content\/uploads\/2025\/09\/mobles114-classics-armchair-german-rodriguez-Catalana-1942-grao-02-1-300x300.jpg 300w, https:\/\/grao.info\/wp-content\/uploads\/2025\/09\/mobles114-classics-armchair-german-rodriguez-Catalana-1942-grao-02-1-150x150.jpg 150w, https:\/\/grao.info\/wp-content\/uploads\/2025\/09\/mobles114-classics-armchair-german-rodriguez-Catalana-1942-grao-02-1-100x100.jpg 100w\" sizes=\"(max-width: 500px) 100vw, 500px\" \/>                                <\/a>\n            <\/div>\n<\/div>[vc_column_text]<\/p>\n<p style=\"text-align: center;\">CATALANA 1942<\/p>\n<p>[\/vc_column_text][\/vc_column_inner][vc_column_inner width=\u00bb1\/5&#8243;]<div class=\"edgtf-single-image-holder  edgtf-has-shadow edgtf-image-behavior-custom-link\">\n    <div class=\"edgtf-si-inner\" >\n        \t            <a itemprop=\"url\" href=\"\/es\/producto\/pey\/\" target=\"_self\">\n                                    <img loading=\"lazy\" decoding=\"async\" width=\"550\" height=\"550\" src=\"https:\/\/grao.info\/wp-content\/uploads\/2021\/09\/Pey.png\" class=\"attachment-full size-full\" alt=\"\" srcset=\"https:\/\/grao.info\/wp-content\/uploads\/2021\/09\/Pey.png 550w, https:\/\/grao.info\/wp-content\/uploads\/2021\/09\/Pey-300x300.png 300w, https:\/\/grao.info\/wp-content\/uploads\/2021\/09\/Pey-150x150.png 150w, https:\/\/grao.info\/wp-content\/uploads\/2021\/09\/Pey-100x100.png 100w\" sizes=\"(max-width: 550px) 100vw, 550px\" \/>                                <\/a>\n            <\/div>\n<\/div>[vc_column_text]<\/p>\n<p style=\"text-align: center;\">PEY<\/p>\n<p>[\/vc_column_text][\/vc_column_inner][vc_column_inner width=\u00bb1\/5&#8243;]<div class=\"edgtf-single-image-holder  edgtf-has-shadow edgtf-image-behavior-custom-link\">\n    <div class=\"edgtf-si-inner\" >\n        \t            <a itemprop=\"url\" href=\"\/es\/producto\/tria\/\" target=\"_self\">\n                                    <img loading=\"lazy\" decoding=\"async\" width=\"550\" height=\"550\" src=\"https:\/\/grao.info\/wp-content\/uploads\/2021\/09\/Tria.png\" class=\"attachment-full size-full\" alt=\"\" srcset=\"https:\/\/grao.info\/wp-content\/uploads\/2021\/09\/Tria.png 550w, https:\/\/grao.info\/wp-content\/uploads\/2021\/09\/Tria-300x300.png 300w, https:\/\/grao.info\/wp-content\/uploads\/2021\/09\/Tria-150x150.png 150w, https:\/\/grao.info\/wp-content\/uploads\/2021\/09\/Tria-100x100.png 100w\" sizes=\"(max-width: 550px) 100vw, 550px\" \/>                                <\/a>\n            <\/div>\n<\/div>[vc_column_text]<\/p>\n<p style=\"text-align: center;\">TRIA<\/p>\n<p>[\/vc_column_text][\/vc_column_inner][vc_column_inner width=\u00bb1\/5&#8243;]<div class=\"edgtf-single-image-holder  edgtf-has-shadow edgtf-image-behavior-custom-link\">\n    <div class=\"edgtf-si-inner\" >\n        \t            <a itemprop=\"url\" href=\"\/es\/producto\/mms-1963\/\" target=\"_self\">\n                                    <img loading=\"lazy\" decoding=\"async\" width=\"1000\" height=\"1000\" src=\"https:\/\/grao.info\/wp-content\/uploads\/2025\/09\/m114-classics-mms-1963-grao-01.jpg\" class=\"attachment-full size-full\" alt=\"\" srcset=\"https:\/\/grao.info\/wp-content\/uploads\/2025\/09\/m114-classics-mms-1963-grao-01.jpg 1000w, https:\/\/grao.info\/wp-content\/uploads\/2025\/09\/m114-classics-mms-1963-grao-01-300x300.jpg 300w, https:\/\/grao.info\/wp-content\/uploads\/2025\/09\/m114-classics-mms-1963-grao-01-150x150.jpg 150w, https:\/\/grao.info\/wp-content\/uploads\/2025\/09\/m114-classics-mms-1963-grao-01-768x768.jpg 768w, https:\/\/grao.info\/wp-content\/uploads\/2025\/09\/m114-classics-mms-1963-grao-01-550x550.jpg 550w, https:\/\/grao.info\/wp-content\/uploads\/2025\/09\/m114-classics-mms-1963-grao-01-600x600.jpg 600w, https:\/\/grao.info\/wp-content\/uploads\/2025\/09\/m114-classics-mms-1963-grao-01-100x100.jpg 100w\" sizes=\"(max-width: 1000px) 100vw, 1000px\" \/>                                <\/a>\n            <\/div>\n<\/div>[vc_column_text]<\/p>\n<p style=\"text-align: center;\">MMS 1963<\/p>\n<p>[\/vc_column_text][\/vc_column_inner][vc_column_inner width=\u00bb1\/5&#8243;]<div class=\"edgtf-single-image-holder  edgtf-has-shadow edgtf-image-behavior-custom-link\">\n    <div class=\"edgtf-si-inner\" >\n        \t            <a itemprop=\"url\" href=\"\/es\/producto\/fil-1991\/\" target=\"_self\">\n                                    <img loading=\"lazy\" decoding=\"async\" width=\"500\" height=\"500\" src=\"https:\/\/grao.info\/wp-content\/uploads\/2025\/09\/m114-classics-light-alvaro-siza-Fil-grao-00.jpg\" class=\"attachment-full size-full\" alt=\"\" srcset=\"https:\/\/grao.info\/wp-content\/uploads\/2025\/09\/m114-classics-light-alvaro-siza-Fil-grao-00.jpg 500w, https:\/\/grao.info\/wp-content\/uploads\/2025\/09\/m114-classics-light-alvaro-siza-Fil-grao-00-300x300.jpg 300w, https:\/\/grao.info\/wp-content\/uploads\/2025\/09\/m114-classics-light-alvaro-siza-Fil-grao-00-150x150.jpg 150w, https:\/\/grao.info\/wp-content\/uploads\/2025\/09\/m114-classics-light-alvaro-siza-Fil-grao-00-100x100.jpg 100w\" sizes=\"(max-width: 500px) 100vw, 500px\" \/>                                <\/a>\n            <\/div>\n<\/div>[vc_column_text]<\/p>\n<p style=\"text-align: center;\">FIL 1991<\/p>\n<p>[\/vc_column_text][\/vc_column_inner][\/vc_row_inner][\/vc_column][\/vc_row][vc_row][vc_column css=\u00bb.vc_custom_1615565597146{padding-top: 30px !important;}\u00bb][vc_row_inner][vc_column_inner width=\u00bb1\/5&#8243;]<div class=\"edgtf-single-image-holder  edgtf-has-shadow edgtf-image-behavior-custom-link\">\n    <div class=\"edgtf-si-inner\" >\n        \t            <a itemprop=\"url\" href=\"\/es\/producto\/tombal\/\" target=\"_self\">\n                                    <img loading=\"lazy\" decoding=\"async\" width=\"1000\" height=\"1000\" src=\"https:\/\/grao.info\/wp-content\/uploads\/2021\/09\/mobles114-collection-umbrella-miguel-mila-Tombal-grao-06.jpg\" class=\"attachment-full size-full\" alt=\"\" srcset=\"https:\/\/grao.info\/wp-content\/uploads\/2021\/09\/mobles114-collection-umbrella-miguel-mila-Tombal-grao-06.jpg 1000w, https:\/\/grao.info\/wp-content\/uploads\/2021\/09\/mobles114-collection-umbrella-miguel-mila-Tombal-grao-06-300x300.jpg 300w, https:\/\/grao.info\/wp-content\/uploads\/2021\/09\/mobles114-collection-umbrella-miguel-mila-Tombal-grao-06-150x150.jpg 150w, https:\/\/grao.info\/wp-content\/uploads\/2021\/09\/mobles114-collection-umbrella-miguel-mila-Tombal-grao-06-768x768.jpg 768w, https:\/\/grao.info\/wp-content\/uploads\/2021\/09\/mobles114-collection-umbrella-miguel-mila-Tombal-grao-06-550x550.jpg 550w, https:\/\/grao.info\/wp-content\/uploads\/2021\/09\/mobles114-collection-umbrella-miguel-mila-Tombal-grao-06-600x600.jpg 600w, https:\/\/grao.info\/wp-content\/uploads\/2021\/09\/mobles114-collection-umbrella-miguel-mila-Tombal-grao-06-100x100.jpg 100w\" sizes=\"(max-width: 1000px) 100vw, 1000px\" \/>                                <\/a>\n            <\/div>\n<\/div>[vc_column_text]<\/p>\n<p style=\"text-align: center;\">TOMBAL<\/p>\n<p>[\/vc_column_text][\/vc_column_inner][vc_column_inner width=\u00bb1\/5&#8243;]<div class=\"edgtf-single-image-holder  edgtf-has-shadow edgtf-image-behavior-custom-link\">\n    <div class=\"edgtf-si-inner\" >\n        \t            <a itemprop=\"url\" href=\"\/es\/producto\/danesa\/\" target=\"_self\">\n                                    <img loading=\"lazy\" decoding=\"async\" width=\"500\" height=\"500\" src=\"https:\/\/grao.info\/wp-content\/uploads\/2025\/09\/mobles114-armchair-massana-tremoleda-Danesa-sil-HR-n09.jpg\" class=\"attachment-full size-full\" alt=\"\" srcset=\"https:\/\/grao.info\/wp-content\/uploads\/2025\/09\/mobles114-armchair-massana-tremoleda-Danesa-sil-HR-n09.jpg 500w, https:\/\/grao.info\/wp-content\/uploads\/2025\/09\/mobles114-armchair-massana-tremoleda-Danesa-sil-HR-n09-300x300.jpg 300w, https:\/\/grao.info\/wp-content\/uploads\/2025\/09\/mobles114-armchair-massana-tremoleda-Danesa-sil-HR-n09-150x150.jpg 150w, https:\/\/grao.info\/wp-content\/uploads\/2025\/09\/mobles114-armchair-massana-tremoleda-Danesa-sil-HR-n09-100x100.jpg 100w\" sizes=\"(max-width: 500px) 100vw, 500px\" \/>                                <\/a>\n            <\/div>\n<\/div>[vc_column_text]<\/p>\n<p style=\"text-align: center;\">DANESA<\/p>\n<p>[\/vc_column_text][\/vc_column_inner][vc_column_inner width=\u00bb1\/5&#8243;]<div class=\"edgtf-single-image-holder  edgtf-has-shadow edgtf-image-behavior-custom-link\">\n    <div class=\"edgtf-si-inner\" >\n        \t            <a itemprop=\"url\" href=\"\/es\/producto\/torres-clave-1934\/\" target=\"_self\">\n                                    <img loading=\"lazy\" decoding=\"async\" width=\"550\" height=\"550\" src=\"https:\/\/grao.info\/wp-content\/uploads\/2021\/09\/Torres-Clave.6.png\" class=\"attachment-full size-full\" alt=\"\" srcset=\"https:\/\/grao.info\/wp-content\/uploads\/2021\/09\/Torres-Clave.6.png 550w, https:\/\/grao.info\/wp-content\/uploads\/2021\/09\/Torres-Clave.6-300x300.png 300w, https:\/\/grao.info\/wp-content\/uploads\/2021\/09\/Torres-Clave.6-150x150.png 150w, https:\/\/grao.info\/wp-content\/uploads\/2021\/09\/Torres-Clave.6-100x100.png 100w\" sizes=\"(max-width: 550px) 100vw, 550px\" \/>                                <\/a>\n            <\/div>\n<\/div>[vc_column_text]<\/p>\n<p style=\"text-align: center;\">TORRES CLAV\u00c9 1934<\/p>\n<p>[\/vc_column_text][\/vc_column_inner][vc_column_inner width=\u00bb1\/5&#8243;]<div class=\"edgtf-single-image-holder  edgtf-has-shadow edgtf-image-behavior-custom-link\">\n    <div class=\"edgtf-si-inner\" >\n        \t            <a itemprop=\"url\" href=\"\/es\/producto\/ona\/\" target=\"_self\">\n                                    <img loading=\"lazy\" decoding=\"async\" width=\"500\" height=\"500\" src=\"https:\/\/grao.info\/wp-content\/uploads\/2025\/09\/mobles114-collection-coat-stand-padros-riart-Ona-grao-00.jpg\" class=\"attachment-full size-full\" alt=\"\" srcset=\"https:\/\/grao.info\/wp-content\/uploads\/2025\/09\/mobles114-collection-coat-stand-padros-riart-Ona-grao-00.jpg 500w, https:\/\/grao.info\/wp-content\/uploads\/2025\/09\/mobles114-collection-coat-stand-padros-riart-Ona-grao-00-300x300.jpg 300w, https:\/\/grao.info\/wp-content\/uploads\/2025\/09\/mobles114-collection-coat-stand-padros-riart-Ona-grao-00-150x150.jpg 150w, https:\/\/grao.info\/wp-content\/uploads\/2025\/09\/mobles114-collection-coat-stand-padros-riart-Ona-grao-00-100x100.jpg 100w\" sizes=\"(max-width: 500px) 100vw, 500px\" \/>                                <\/a>\n            <\/div>\n<\/div>[vc_column_text]<\/p>\n<p style=\"text-align: center;\">ONA<\/p>\n<p>[\/vc_column_text][\/vc_column_inner][vc_column_inner width=\u00bb1\/5&#8243;]<div class=\"edgtf-single-image-holder  edgtf-has-shadow edgtf-image-behavior-custom-link\">\n    <div class=\"edgtf-si-inner\" >\n        \t            <a itemprop=\"url\" href=\"\/es\/producto\/jujol-1920\/\" target=\"_self\">\n                                    <img loading=\"lazy\" decoding=\"async\" width=\"500\" height=\"500\" src=\"https:\/\/grao.info\/wp-content\/uploads\/2025\/09\/mobles114-table-Jujol-1920-grao-00.jpg\" class=\"attachment-full size-full\" alt=\"\" srcset=\"https:\/\/grao.info\/wp-content\/uploads\/2025\/09\/mobles114-table-Jujol-1920-grao-00.jpg 500w, https:\/\/grao.info\/wp-content\/uploads\/2025\/09\/mobles114-table-Jujol-1920-grao-00-300x300.jpg 300w, https:\/\/grao.info\/wp-content\/uploads\/2025\/09\/mobles114-table-Jujol-1920-grao-00-150x150.jpg 150w, https:\/\/grao.info\/wp-content\/uploads\/2025\/09\/mobles114-table-Jujol-1920-grao-00-100x100.jpg 100w\" sizes=\"(max-width: 500px) 100vw, 500px\" \/>                                <\/a>\n            <\/div>\n<\/div>[vc_column_text]<\/p>\n<p style=\"text-align: center;\">JUJOL 1920<\/p>\n<p>[\/vc_column_text][\/vc_column_inner][\/vc_row_inner][vc_empty_space height=\u00bb100px\u00bb][\/vc_column][\/vc_row]<\/p>\n","protected":false},"excerpt":{"rendered":"<p>[vc_row equal_height=\u00bbyes\u00bb content_placement=\u00bbbottom\u00bb][vc_column width=\u00bb2\/3&#8243;][\/vc_column][vc_column width=\u00bb1\/3&#8243;][vc_column_text]Mobles 114 es una empresa con sede en Barcelona fundada en 1973 que edita mobiliario contempor\u00e1neo. Nuestro prop\u00f3sito es crear productos que mejoren la calidad de los espacios colectivos y del hogar con un dise\u00f1o de [&hellip;]<\/p>\n","protected":false},"author":2,"featured_media":0,"parent":4006,"menu_order":0,"comment_status":"closed","ping_status":"closed","template":"","meta":{"footnotes":""},"acf":[],"yoast_head":"<!-- This site is optimized with the Yoast SEO Premium plugin v23.0 (Yoast SEO v23.0) - https:\/\/yoast.com\/wordpress\/plugins\/seo\/ -->\n<title>Mobles 114 - Grao<\/title>\n<meta name=\"description\" content=\"Mobles 114 es una empresa con sede en Barcelona fundada en 1973 que edita mobiliario contempor\u00e1neo. Nuestro prop\u00f3sito es crear productos que mejoren la calidad de los espacios colectivos y del hogar con un dise\u00f1o de autor y atemporal.\" \/>\n<meta name=\"robots\" content=\"index, follow, max-snippet:-1, max-image-preview:large, max-video-preview:-1\" \/>\n<link rel=\"canonical\" href=\"https:\/\/grao.info\/es\/marcas\/mobles-114\/\" \/>\n<meta property=\"og:locale\" content=\"es_ES\" \/>\n<meta property=\"og:type\" content=\"article\" \/>\n<meta property=\"og:title\" content=\"Mobles 114\" \/>\n<meta property=\"og:description\" content=\"Mobles 114 es una empresa con sede en Barcelona fundada en 1973 que edita mobiliario contempor\u00e1neo. Nuestro prop\u00f3sito es crear productos que mejoren la calidad de los espacios colectivos y del hogar con un dise\u00f1o de autor y atemporal.\" \/>\n<meta property=\"og:url\" content=\"https:\/\/grao.info\/es\/marcas\/mobles-114\/\" \/>\n<meta property=\"og:site_name\" content=\"Grao\" \/>\n<meta property=\"article:modified_time\" content=\"2025-09-08T09:44:06+00:00\" \/>\n<meta name=\"twitter:card\" content=\"summary_large_image\" \/>\n<meta name=\"twitter:label1\" content=\"Tiempo de lectura\" \/>\n\t<meta name=\"twitter:data1\" content=\"1 minuto\" \/>\n<script type=\"application\/ld+json\" class=\"yoast-schema-graph\">{\"@context\":\"https:\/\/schema.org\",\"@graph\":[{\"@type\":\"WebPage\",\"@id\":\"https:\/\/grao.info\/es\/marcas\/mobles-114\/\",\"url\":\"https:\/\/grao.info\/es\/marcas\/mobles-114\/\",\"name\":\"Mobles 114 - Grao\",\"isPartOf\":{\"@id\":\"https:\/\/grao.info\/es\/#website\"},\"datePublished\":\"2021-09-17T10:51:01+00:00\",\"dateModified\":\"2025-09-08T09:44:06+00:00\",\"description\":\"Mobles 114 es una empresa con sede en Barcelona fundada en 1973 que edita mobiliario contempor\u00e1neo. Nuestro prop\u00f3sito es crear productos que mejoren la calidad de los espacios colectivos y del hogar con un dise\u00f1o de autor y atemporal.\",\"breadcrumb\":{\"@id\":\"https:\/\/grao.info\/es\/marcas\/mobles-114\/#breadcrumb\"},\"inLanguage\":\"es\",\"potentialAction\":[{\"@type\":\"ReadAction\",\"target\":[\"https:\/\/grao.info\/es\/marcas\/mobles-114\/\"]}]},{\"@type\":\"BreadcrumbList\",\"@id\":\"https:\/\/grao.info\/es\/marcas\/mobles-114\/#breadcrumb\",\"itemListElement\":[{\"@type\":\"ListItem\",\"position\":1,\"name\":\"Portada\",\"item\":\"https:\/\/grao.info\/es\/\"},{\"@type\":\"ListItem\",\"position\":2,\"name\":\"Marcas\",\"item\":\"https:\/\/grao.info\/es\/marcas\/\"},{\"@type\":\"ListItem\",\"position\":3,\"name\":\"Mobles 114\"}]},{\"@type\":\"WebSite\",\"@id\":\"https:\/\/grao.info\/es\/#website\",\"url\":\"https:\/\/grao.info\/es\/\",\"name\":\"Grao\",\"description\":\"\",\"publisher\":{\"@id\":\"https:\/\/grao.info\/es\/#organization\"},\"potentialAction\":[{\"@type\":\"SearchAction\",\"target\":{\"@type\":\"EntryPoint\",\"urlTemplate\":\"https:\/\/grao.info\/es\/?s={search_term_string}\"},\"query-input\":\"required name=search_term_string\"}],\"inLanguage\":\"es\"},{\"@type\":\"Organization\",\"@id\":\"https:\/\/grao.info\/es\/#organization\",\"name\":\"Grao\",\"url\":\"https:\/\/grao.info\/es\/\",\"logo\":{\"@type\":\"ImageObject\",\"inLanguage\":\"es\",\"@id\":\"https:\/\/grao.info\/es\/#\/schema\/logo\/image\/\",\"url\":\"https:\/\/grao.info\/wp-content\/uploads\/2022\/04\/logo-mobil-1.png\",\"contentUrl\":\"https:\/\/grao.info\/wp-content\/uploads\/2022\/04\/logo-mobil-1.png\",\"width\":275,\"height\":85,\"caption\":\"Grao\"},\"image\":{\"@id\":\"https:\/\/grao.info\/es\/#\/schema\/logo\/image\/\"}}]}<\/script>\n<!-- \/ Yoast SEO Premium plugin. -->","yoast_head_json":{"title":"Mobles 114 - Grao","description":"Mobles 114 es una empresa con sede en Barcelona fundada en 1973 que edita mobiliario contempor\u00e1neo. Nuestro prop\u00f3sito es crear productos que mejoren la calidad de los espacios colectivos y del hogar con un dise\u00f1o de autor y atemporal.","robots":{"index":"index","follow":"follow","max-snippet":"max-snippet:-1","max-image-preview":"max-image-preview:large","max-video-preview":"max-video-preview:-1"},"canonical":"https:\/\/grao.info\/es\/marcas\/mobles-114\/","og_locale":"es_ES","og_type":"article","og_title":"Mobles 114","og_description":"Mobles 114 es una empresa con sede en Barcelona fundada en 1973 que edita mobiliario contempor\u00e1neo. Nuestro prop\u00f3sito es crear productos que mejoren la calidad de los espacios colectivos y del hogar con un dise\u00f1o de autor y atemporal.","og_url":"https:\/\/grao.info\/es\/marcas\/mobles-114\/","og_site_name":"Grao","article_modified_time":"2025-09-08T09:44:06+00:00","twitter_card":"summary_large_image","twitter_misc":{"Tiempo de lectura":"1 minuto"},"schema":{"@context":"https:\/\/schema.org","@graph":[{"@type":"WebPage","@id":"https:\/\/grao.info\/es\/marcas\/mobles-114\/","url":"https:\/\/grao.info\/es\/marcas\/mobles-114\/","name":"Mobles 114 - Grao","isPartOf":{"@id":"https:\/\/grao.info\/es\/#website"},"datePublished":"2021-09-17T10:51:01+00:00","dateModified":"2025-09-08T09:44:06+00:00","description":"Mobles 114 es una empresa con sede en Barcelona fundada en 1973 que edita mobiliario contempor\u00e1neo. Nuestro prop\u00f3sito es crear productos que mejoren la calidad de los espacios colectivos y del hogar con un dise\u00f1o de autor y atemporal.","breadcrumb":{"@id":"https:\/\/grao.info\/es\/marcas\/mobles-114\/#breadcrumb"},"inLanguage":"es","potentialAction":[{"@type":"ReadAction","target":["https:\/\/grao.info\/es\/marcas\/mobles-114\/"]}]},{"@type":"BreadcrumbList","@id":"https:\/\/grao.info\/es\/marcas\/mobles-114\/#breadcrumb","itemListElement":[{"@type":"ListItem","position":1,"name":"Portada","item":"https:\/\/grao.info\/es\/"},{"@type":"ListItem","position":2,"name":"Marcas","item":"https:\/\/grao.info\/es\/marcas\/"},{"@type":"ListItem","position":3,"name":"Mobles 114"}]},{"@type":"WebSite","@id":"https:\/\/grao.info\/es\/#website","url":"https:\/\/grao.info\/es\/","name":"Grao","description":"","publisher":{"@id":"https:\/\/grao.info\/es\/#organization"},"potentialAction":[{"@type":"SearchAction","target":{"@type":"EntryPoint","urlTemplate":"https:\/\/grao.info\/es\/?s={search_term_string}"},"query-input":"required name=search_term_string"}],"inLanguage":"es"},{"@type":"Organization","@id":"https:\/\/grao.info\/es\/#organization","name":"Grao","url":"https:\/\/grao.info\/es\/","logo":{"@type":"ImageObject","inLanguage":"es","@id":"https:\/\/grao.info\/es\/#\/schema\/logo\/image\/","url":"https:\/\/grao.info\/wp-content\/uploads\/2022\/04\/logo-mobil-1.png","contentUrl":"https:\/\/grao.info\/wp-content\/uploads\/2022\/04\/logo-mobil-1.png","width":275,"height":85,"caption":"Grao"},"image":{"@id":"https:\/\/grao.info\/es\/#\/schema\/logo\/image\/"}}]}},"_links":{"self":[{"href":"https:\/\/grao.info\/es\/wp-json\/wp\/v2\/pages\/12705"}],"collection":[{"href":"https:\/\/grao.info\/es\/wp-json\/wp\/v2\/pages"}],"about":[{"href":"https:\/\/grao.info\/es\/wp-json\/wp\/v2\/types\/page"}],"author":[{"embeddable":true,"href":"https:\/\/grao.info\/es\/wp-json\/wp\/v2\/users\/2"}],"replies":[{"embeddable":true,"href":"https:\/\/grao.info\/es\/wp-json\/wp\/v2\/comments?post=12705"}],"version-history":[{"count":12,"href":"https:\/\/grao.info\/es\/wp-json\/wp\/v2\/pages\/12705\/revisions"}],"predecessor-version":[{"id":27604,"href":"https:\/\/grao.info\/es\/wp-json\/wp\/v2\/pages\/12705\/revisions\/27604"}],"up":[{"embeddable":true,"href":"https:\/\/grao.info\/es\/wp-json\/wp\/v2\/pages\/4006"}],"wp:attachment":[{"href":"https:\/\/grao.info\/es\/wp-json\/wp\/v2\/media?parent=12705"}],"curies":[{"name":"wp","href":"https:\/\/api.w.org\/{rel}","templated":true}]}}